{"id":455,"date":"2025-01-09T11:49:07","date_gmt":"2025-01-09T09:49:07","guid":{"rendered":"https:\/\/www.fewo-gerstmann.de\/?page_id=455"},"modified":"2025-01-14T10:50:11","modified_gmt":"2025-01-14T08:50:11","slug":"ausstattung","status":"publish","type":"page","link":"https:\/\/www.fewo-gerstmann.de\/?page_id=455","title":{"rendered":"Ausstattung"},"content":{"rendered":"<div id=\"pl-455\"  class=\"panel-layout\" ><div id=\"pg-455-0\"  class=\"panel-grid panel-no-style\" ><div id=\"pgc-455-0-0\"  class=\"panel-grid-cell\" ><div id=\"panel-455-0-0-0\" class=\"so-panel widget widget_text panel-first-child panel-last-child\" data-index=\"0\" >\t\t\t<div class=\"textwidget\"><p>Unsere Ferienwohnung liegt in direkter Umgebung zum Ruhrtalradweg sowie diversen Wanderruten und verf\u00fcgt \u00fcber zwei getrennte Balkone, sodass Sie den ganzen Tag die Sonne genie\u00dfen k\u00f6nnen. Dar\u00fcber hinaus bieten wir zwei Doppelschlafzimmer mit separaten Badezimmern an, um Ihnen ein hohes Ma\u00df an Wohlf\u00fchlcharakter und Privatsph\u00e4re zu erm\u00f6glichen.<\/p>\n<\/div>\n\t\t<\/div><\/div><\/div><div id=\"pg-455-1\"  class=\"panel-grid panel-no-style\" ><div id=\"pgc-455-1-0\"  class=\"panel-grid-cell\" ><div id=\"panel-455-1-0-0\" class=\"so-panel widget widget_media_image panel-first-child panel-last-child\" data-index=\"1\" ><h3 class=\"widget-title\">Gro\u00dfes Schlafzimmer mit Balkon<\/h3><img loading=\"lazy\" decoding=\"async\" width=\"300\" height=\"142\" src=\"https:\/\/www.fewo-gerstmann.de\/wp-content\/uploads\/2025\/01\/Bild-1-300x142.jpg\" class=\"image wp-image-447  attachment-medium size-medium\" alt=\"\" style=\"max-width: 100%; height: auto;\" srcset=\"https:\/\/www.fewo-gerstmann.de\/wp-content\/uploads\/2025\/01\/Bild-1-300x142.jpg 300w, https:\/\/www.fewo-gerstmann.de\/wp-content\/uploads\/2025\/01\/Bild-1-1024x485.jpg 1024w, https:\/\/www.fewo-gerstmann.de\/wp-content\/uploads\/2025\/01\/Bild-1-768x364.jpg 768w, https:\/\/www.fewo-gerstmann.de\/wp-content\/uploads\/2025\/01\/Bild-1-1536x728.jpg 1536w, https:\/\/www.fewo-gerstmann.de\/wp-content\/uploads\/2025\/01\/Bild-1-2048x971.jpg 2048w\" sizes=\"auto, (max-width: 300px) 100vw, 300px\" \/><\/div><\/div><div id=\"pgc-455-1-1\"  class=\"panel-grid-cell\" ><div id=\"panel-455-1-1-0\" class=\"so-panel widget widget_media_image panel-first-child panel-last-child\" data-index=\"2\" ><h3 class=\"widget-title\">und separatem Bad<\/h3><img loading=\"lazy\" decoding=\"async\" width=\"142\" height=\"300\" src=\"https:\/\/www.fewo-gerstmann.de\/wp-content\/uploads\/2025\/01\/Bild-2-142x300.jpg\" class=\"image wp-image-450  attachment-medium size-medium\" alt=\"\" style=\"max-width: 100%; height: auto;\" srcset=\"https:\/\/www.fewo-gerstmann.de\/wp-content\/uploads\/2025\/01\/Bild-2-142x300.jpg 142w, https:\/\/www.fewo-gerstmann.de\/wp-content\/uploads\/2025\/01\/Bild-2-485x1024.jpg 485w, https:\/\/www.fewo-gerstmann.de\/wp-content\/uploads\/2025\/01\/Bild-2-768x1620.jpg 768w, https:\/\/www.fewo-gerstmann.de\/wp-content\/uploads\/2025\/01\/Bild-2-728x1536.jpg 728w, https:\/\/www.fewo-gerstmann.de\/wp-content\/uploads\/2025\/01\/Bild-2-971x2048.jpg 971w, https:\/\/www.fewo-gerstmann.de\/wp-content\/uploads\/2025\/01\/Bild-2-scaled.jpg 1213w\" sizes=\"auto, (max-width: 142px) 100vw, 142px\" \/><\/div><\/div><\/div><div id=\"pg-455-2\"  class=\"panel-grid panel-no-style\" ><div id=\"pgc-455-2-0\"  class=\"panel-grid-cell\" ><div id=\"panel-455-2-0-0\" class=\"so-panel widget widget_media_image panel-first-child panel-last-child\" data-index=\"3\" ><h3 class=\"widget-title\">Kleines Schlafzimmer<\/h3><img loading=\"lazy\" decoding=\"async\" width=\"300\" height=\"142\" src=\"https:\/\/www.fewo-gerstmann.de\/wp-content\/uploads\/2024\/09\/Schlafzimmer-klein-1-300x142.jpg\" class=\"image wp-image-394  attachment-medium size-medium\" alt=\"\" style=\"max-width: 100%; height: auto;\" srcset=\"https:\/\/www.fewo-gerstmann.de\/wp-content\/uploads\/2024\/09\/Schlafzimmer-klein-1-300x142.jpg 300w, https:\/\/www.fewo-gerstmann.de\/wp-content\/uploads\/2024\/09\/Schlafzimmer-klein-1-1024x485.jpg 1024w, https:\/\/www.fewo-gerstmann.de\/wp-content\/uploads\/2024\/09\/Schlafzimmer-klein-1-768x364.jpg 768w, https:\/\/www.fewo-gerstmann.de\/wp-content\/uploads\/2024\/09\/Schlafzimmer-klein-1-1536x728.jpg 1536w, https:\/\/www.fewo-gerstmann.de\/wp-content\/uploads\/2024\/09\/Schlafzimmer-klein-1-2048x971.jpg 2048w\" sizes=\"auto, (max-width: 300px) 100vw, 300px\" \/><\/div><\/div><div id=\"pgc-455-2-1\"  class=\"panel-grid-cell\" ><div id=\"panel-455-2-1-0\" class=\"so-panel widget widget_media_image panel-first-child panel-last-child\" data-index=\"4\" ><h3 class=\"widget-title\">Bad mit Waschmaschine<\/h3><img loading=\"lazy\" decoding=\"async\" width=\"225\" height=\"300\" src=\"https:\/\/www.fewo-gerstmann.de\/wp-content\/uploads\/2025\/01\/Bild-4-225x300.jpg\" class=\"image wp-image-451  attachment-medium size-medium\" alt=\"\" style=\"max-width: 100%; height: auto;\" srcset=\"https:\/\/www.fewo-gerstmann.de\/wp-content\/uploads\/2025\/01\/Bild-4-225x300.jpg 225w, https:\/\/www.fewo-gerstmann.de\/wp-content\/uploads\/2025\/01\/Bild-4-768x1024.jpg 768w, https:\/\/www.fewo-gerstmann.de\/wp-content\/uploads\/2025\/01\/Bild-4-1152x1536.jpg 1152w, https:\/\/www.fewo-gerstmann.de\/wp-content\/uploads\/2025\/01\/Bild-4-1536x2048.jpg 1536w, https:\/\/www.fewo-gerstmann.de\/wp-content\/uploads\/2025\/01\/Bild-4-scaled.jpg 1920w\" sizes=\"auto, (max-width: 225px) 100vw, 225px\" \/><\/div><\/div><\/div><div id=\"pg-455-3\"  class=\"panel-grid panel-no-style\" ><div id=\"pgc-455-3-0\"  class=\"panel-grid-cell\" ><div id=\"panel-455-3-0-0\" class=\"so-panel widget widget_text panel-first-child panel-last-child\" data-index=\"5\" >\t\t\t<div class=\"textwidget\"><p>Sie haben von beiden Balkonen einen herrlichen Blick \u00fcber W\u00e4lder und Wiesen auf die Sauerl\u00e4nder Bergwelt. Genie\u00dfen Sie es, die Morgensonne und den Sonnenuntergang von hier aus zu erleben. Selbstverst\u00e4ndlich steht ihnen Bestuhlung zur Verf\u00fcgung, damit Sie den Tag z.B. mit einem Fr\u00fchst\u00fcck im Freien beginnen k\u00f6nnen.<span class=\"Apple-converted-space\">\u00a0<\/span><\/p>\n<\/div>\n\t\t<\/div><\/div><\/div><div id=\"pg-455-4\"  class=\"panel-grid panel-no-style\" ><div id=\"pgc-455-4-0\"  class=\"panel-grid-cell\" ><div id=\"panel-455-4-0-0\" class=\"so-panel widget widget_media_image panel-first-child panel-last-child\" data-index=\"6\" ><h3 class=\"widget-title\">Ausblick vom gro\u00dfen Balkon<\/h3><img loading=\"lazy\" decoding=\"async\" width=\"300\" height=\"142\" src=\"https:\/\/www.fewo-gerstmann.de\/wp-content\/uploads\/2025\/01\/Bild-5-300x142.jpg\" class=\"image wp-image-452  attachment-medium size-medium\" alt=\"\" style=\"max-width: 100%; height: auto;\" srcset=\"https:\/\/www.fewo-gerstmann.de\/wp-content\/uploads\/2025\/01\/Bild-5-300x142.jpg 300w, https:\/\/www.fewo-gerstmann.de\/wp-content\/uploads\/2025\/01\/Bild-5-1024x485.jpg 1024w, https:\/\/www.fewo-gerstmann.de\/wp-content\/uploads\/2025\/01\/Bild-5-768x364.jpg 768w, https:\/\/www.fewo-gerstmann.de\/wp-content\/uploads\/2025\/01\/Bild-5-1536x728.jpg 1536w, https:\/\/www.fewo-gerstmann.de\/wp-content\/uploads\/2025\/01\/Bild-5-2048x971.jpg 2048w\" sizes=\"auto, (max-width: 300px) 100vw, 300px\" \/><\/div><\/div><\/div><div id=\"pg-455-5\"  class=\"panel-grid panel-no-style\" ><div id=\"pgc-455-5-0\"  class=\"panel-grid-cell\" ><div id=\"panel-455-5-0-0\" class=\"so-panel widget widget_text panel-first-child panel-last-child\" data-index=\"7\" >\t\t\t<div class=\"textwidget\"><p>Mehrere vorz\u00fcgliche Restaurants sind fu\u00dfl\u00e4ufig erreichbar. Aber auch unsere moderne und vollausgestattete K\u00fcche l\u00e4sst keine W\u00fcnsche offen.<\/p>\n<\/div>\n\t\t<\/div><\/div><\/div><div id=\"pg-455-6\"  class=\"panel-grid panel-no-style\" ><div id=\"pgc-455-6-0\"  class=\"panel-grid-cell\" ><div id=\"panel-455-6-0-0\" class=\"so-panel widget widget_media_image panel-first-child panel-last-child\" data-index=\"8\" ><h3 class=\"widget-title\">K\u00fcchenzeile<\/h3><img loading=\"lazy\" decoding=\"async\" width=\"300\" height=\"142\" src=\"https:\/\/www.fewo-gerstmann.de\/wp-content\/uploads\/2025\/01\/Bild-6-300x142.jpg\" class=\"image wp-image-453  attachment-medium size-medium\" alt=\"\" style=\"max-width: 100%; height: auto;\" srcset=\"https:\/\/www.fewo-gerstmann.de\/wp-content\/uploads\/2025\/01\/Bild-6-300x142.jpg 300w, https:\/\/www.fewo-gerstmann.de\/wp-content\/uploads\/2025\/01\/Bild-6-1024x485.jpg 1024w, https:\/\/www.fewo-gerstmann.de\/wp-content\/uploads\/2025\/01\/Bild-6-768x364.jpg 768w, https:\/\/www.fewo-gerstmann.de\/wp-content\/uploads\/2025\/01\/Bild-6-1536x728.jpg 1536w, https:\/\/www.fewo-gerstmann.de\/wp-content\/uploads\/2025\/01\/Bild-6-2048x971.jpg 2048w\" sizes=\"auto, (max-width: 300px) 100vw, 300px\" \/><\/div><\/div><\/div><div id=\"pg-455-7\"  class=\"panel-grid panel-no-style\" ><div id=\"pgc-455-7-0\"  class=\"panel-grid-cell\" ><div id=\"panel-455-7-0-0\" class=\"so-panel widget widget_text panel-first-child panel-last-child\" data-index=\"9\" >\t\t\t<div class=\"textwidget\"><p>An lauen Sommerabenden l\u00e4dt unser romantisch gestalteter Garten mit Liegewiese, Teich und Blumenrabatten zum Grillen oder Ausruhen nach langen Wanderungen ein, auch hier sind bequeme Gartenliegen vorhanden. Alternativ haben wir auch ein ger\u00e4umiges Wohnzimmer mit gem\u00fctlichem Sofa und einer TV-Ecke.<span class=\"Apple-converted-space\">\u00a0<\/span><\/p>\n<\/div>\n\t\t<\/div><\/div><\/div><div id=\"pg-455-8\"  class=\"panel-grid panel-no-style\" ><div id=\"pgc-455-8-0\"  class=\"panel-grid-cell\" ><div id=\"panel-455-8-0-0\" class=\"so-panel widget widget_media_image panel-first-child panel-last-child\" data-index=\"10\" ><h3 class=\"widget-title\">Gro\u00dfes Sofa<\/h3><img loading=\"lazy\" decoding=\"async\" width=\"300\" height=\"225\" src=\"https:\/\/www.fewo-gerstmann.de\/wp-content\/uploads\/2025\/01\/Bild-7-300x225.jpg\" class=\"image wp-image-454  attachment-medium size-medium\" alt=\"\" style=\"max-width: 100%; height: auto;\" srcset=\"https:\/\/www.fewo-gerstmann.de\/wp-content\/uploads\/2025\/01\/Bild-7-300x225.jpg 300w, https:\/\/www.fewo-gerstmann.de\/wp-content\/uploads\/2025\/01\/Bild-7-1024x768.jpg 1024w, https:\/\/www.fewo-gerstmann.de\/wp-content\/uploads\/2025\/01\/Bild-7-768x576.jpg 768w, https:\/\/www.fewo-gerstmann.de\/wp-content\/uploads\/2025\/01\/Bild-7-1536x1152.jpg 1536w, https:\/\/www.fewo-gerstmann.de\/wp-content\/uploads\/2025\/01\/Bild-7-2048x1536.jpg 2048w\" sizes=\"auto, (max-width: 300px) 100vw, 300px\" \/><\/div><\/div><div id=\"pgc-455-8-1\"  class=\"panel-grid-cell\" ><div id=\"panel-455-8-1-0\" class=\"so-panel widget widget_media_image panel-first-child panel-last-child\" data-index=\"11\" ><h3 class=\"widget-title\">TV Ecke<\/h3><img loading=\"lazy\" decoding=\"async\" width=\"300\" height=\"225\" src=\"https:\/\/www.fewo-gerstmann.de\/wp-content\/uploads\/2025\/01\/Bild-8-300x225.jpg\" class=\"image wp-image-448  attachment-medium size-medium\" alt=\"\" style=\"max-width: 100%; height: auto;\" srcset=\"https:\/\/www.fewo-gerstmann.de\/wp-content\/uploads\/2025\/01\/Bild-8-300x225.jpg 300w, https:\/\/www.fewo-gerstmann.de\/wp-content\/uploads\/2025\/01\/Bild-8-1024x768.jpg 1024w, https:\/\/www.fewo-gerstmann.de\/wp-content\/uploads\/2025\/01\/Bild-8-768x576.jpg 768w, https:\/\/www.fewo-gerstmann.de\/wp-content\/uploads\/2025\/01\/Bild-8-1536x1152.jpg 1536w, https:\/\/www.fewo-gerstmann.de\/wp-content\/uploads\/2025\/01\/Bild-8-2048x1536.jpg 2048w\" sizes=\"auto, (max-width: 300px) 100vw, 300px\" \/><\/div><\/div><\/div><div id=\"pg-455-9\"  class=\"panel-grid panel-no-style\" ><div id=\"pgc-455-9-0\"  class=\"panel-grid-cell\" ><div id=\"panel-455-9-0-0\" class=\"so-panel widget widget_text panel-first-child panel-last-child\" data-index=\"12\" >\t\t\t<div class=\"textwidget\"><p>Wir, Tobias und Inken, wohnen im Erdgeschoss und stehen gerne mit Rat und Tat zur Verf\u00fcgung. Wir verbringen selbst auch selbst gerne Zeit in der Natur und freuen uns unsere Wad- und Wandertipps weiterzugeben.<\/p>\n<\/div>\n\t\t<\/div><\/div><\/div><\/div>","protected":false},"excerpt":{"rendered":"<p>Unsere Ferienwohnung liegt in direkter Umgebung zum Ruhrtalradweg sowie diversen Wanderruten und verf\u00fcgt \u00fcber zwei getrennte Balkone, sodass Sie den ganzen Tag die Sonne genie\u00dfen k\u00f6nnen. Dar\u00fcber hinaus bieten wir zwei Doppelschlafzimmer mit separaten Badezimmern an, um Ihnen ein hohes Ma\u00df an Wohlf\u00fchlcharakter und Privatsph\u00e4re zu erm\u00f6glichen.<\/p>\n","protected":false},"author":1,"featured_media":0,"parent":0,"menu_order":0,"comment_status":"closed","ping_status":"closed","template":"","meta":{"footnotes":""},"class_list":["post-455","page","type-page","status-publish","hentry","post"],"_links":{"self":[{"href":"https:\/\/www.fewo-gerstmann.de\/index.php?rest_route=\/wp\/v2\/pages\/455","targetHints":{"allow":["GET"]}}],"collection":[{"href":"https:\/\/www.fewo-gerstmann.de\/index.php?rest_route=\/wp\/v2\/pages"}],"about":[{"href":"https:\/\/www.fewo-gerstmann.de\/index.php?rest_route=\/wp\/v2\/types\/page"}],"author":[{"embeddable":true,"href":"https:\/\/www.fewo-gerstmann.de\/index.php?rest_route=\/wp\/v2\/users\/1"}],"replies":[{"embeddable":true,"href":"https:\/\/www.fewo-gerstmann.de\/index.php?rest_route=%2Fwp%2Fv2%2Fcomments&post=455"}],"version-history":[{"count":5,"href":"https:\/\/www.fewo-gerstmann.de\/index.php?rest_route=\/wp\/v2\/pages\/455\/revisions"}],"predecessor-version":[{"id":461,"href":"https:\/\/www.fewo-gerstmann.de\/index.php?rest_route=\/wp\/v2\/pages\/455\/revisions\/461"}],"wp:attachment":[{"href":"https:\/\/www.fewo-gerstmann.de\/index.php?rest_route=%2Fwp%2Fv2%2Fmedia&parent=455"}],"curies":[{"name":"wp","href":"https:\/\/api.w.org\/{rel}","templated":true}]}}